{"id":6,"date":"2012-07-22T13:43:26","date_gmt":"2012-07-22T11:43:26","guid":{"rendered":"http:\/\/nailsduyen.ch\/naildesign\/?page_id=6"},"modified":"2026-01-05T11:40:03","modified_gmt":"2026-01-05T09:40:03","slug":"uber-uns","status":"publish","type":"page","link":"http:\/\/nailsduyen.ch\/naildesign\/?page_id=6","title":{"rendered":"\u00dcber uns"},"content":{"rendered":"<p style=\"text-align: left;\"><span style=\"color: #ff6600;\"><strong><a href=\"http:\/\/nailsduyen.ch\/naildesign\/?attachment_id=663\" rel=\"attachment wp-att-663\"><img loading=\"lazy\" decoding=\"async\" class=\"wp-image-663 alignright\" src=\"http:\/\/nailsduyen.ch\/naildesign\/wp-content\/uploads\/FullSizeRender2.jpg\" alt=\"\" width=\"351\" height=\"498\" \/><\/a>Duyen <\/strong><\/span><br \/>\n<span style=\"color: #000000;\">Ich habe vor rund 25 Jahren in Vietnam Nail Designerin f\u00fcr Acryl-N\u00e4gel gelernt. Seit etwa 22 Jahren arbeite ich mit Gel f\u00fcr die N\u00e4gel-Modellage. 2003 durfte ich bei Angel Nails in Wetzikon meine ersten Erfahrungen in der Schweiz als angestellte Nail-Designerin sammeln. Ende 2005 wechselte ich zu By Estelle in Uster als Nail-Designerin, bevor ich 2009 mein erstes, eigenes Gesch\u00e4ft er\u00f6ffnete. Ab April 2011 hatte ich f\u00fcr 1 1\/4 Jahre mein eigenes Studio in Untermiete bei Kosmetik Sabine Chenevard, anschliessend ab anfangs August 2012 mein neues, gr\u00f6sseres Studio an der Falmenstrasse 2c in Uster, neu ab 21.11.18 am neuen Standort Bankstrasse 9 in Uster, welches nun seit 2016 meine Schwester Hong An Nguyen f\u00fchrt. Am 5.05.17 durfte ich ein zweites Studio Nails Duyen in Bad Ragaz er\u00f6ffnen. Ich habe verschiedene Weiterbildungskurse bei Alessandro und anderen Herstellern erfolgreich absolviert. Wir verwenden f\u00fcr die Gel Modellage Produkte von Alessandro, IBD und O.P.I, welche unserer gew\u00fcnschten, hohen Qualit\u00e4t in Sachen Haltbarkeit und Aussehen entsprechen. F\u00fcr Permanent Make-Up verwende ich die Farben von Feelgood.<br \/>\n<\/span><\/p>\n<p><span style=\"color: #ff6600;\"><strong>Hong An<a href=\"http:\/\/nailsduyen.ch\/naildesign\/?attachment_id=612\" rel=\"attachment wp-att-612\"><img loading=\"lazy\" decoding=\"async\" class=\"wp-image-612 alignleft\" src=\"http:\/\/nailsduyen.ch\/naildesign\/wp-content\/uploads\/IMG_8974.jpg\" alt=\"\" width=\"345\" height=\"345\" srcset=\"http:\/\/nailsduyen.ch\/naildesign\/wp-content\/uploads\/IMG_8974.jpg 640w, http:\/\/nailsduyen.ch\/naildesign\/wp-content\/uploads\/IMG_8974-150x150.jpg 150w, http:\/\/nailsduyen.ch\/naildesign\/wp-content\/uploads\/IMG_8974-300x300.jpg 300w\" sizes=\"auto, (max-width: 345px) 100vw, 345px\" \/><\/a><\/strong><\/span><\/p>\n<p><span style=\"color: #000000;\"><br \/>\nIch habe vor ein paar Jahren in HCM,\u00a0Vietnam\u00a0die N\u00e4gel Modellage mit Gel erlernt.\u00a0Die letzten 5 Jahre\u00a0habe ich verschiedene Weiterbildungskurse in der Schweiz f\u00fcr die N\u00e4gel Modellage\u00a0besucht und erfolgreich absolviert<\/span><span style=\"color: #000000;\">. Seit 2016 f\u00fchre ich nun das Studio in Uster selbst\u00e4ndig, ab 21.11.18 am neuen Standort<a href=\"http:\/\/map.search.ch\/Uster,Bankstr.9\"> Bankstrasse 9 in Uster<\/a>.<br \/>\n<\/span><\/p>\n","protected":false},"excerpt":{"rendered":"<p>Duyen Ich habe vor rund 25 Jahren in Vietnam Nail Designerin f\u00fcr Acryl-N\u00e4gel gelernt. Seit etwa 22 Jahren arbeite ich mit Gel f\u00fcr die N\u00e4gel-Modellage. 2003 durfte ich bei Angel Nails in Wetzikon meine ersten Erfahrungen in der Schweiz als &hellip; <a href=\"http:\/\/nailsduyen.ch\/naildesign\/?page_id=6\">Weiterlesen <span class=\"meta-nav\">&rarr;<\/span><\/a><\/p>\n","protected":false},"author":2,"featured_media":0,"parent":0,"menu_order":2,"comment_status":"closed","ping_status":"closed","template":"","meta":{"footnotes":""},"class_list":["post-6","page","type-page","status-publish","hentry"],"_links":{"self":[{"href":"http:\/\/nailsduyen.ch\/naildesign\/index.php?rest_route=\/wp\/v2\/pages\/6","targetHints":{"allow":["GET"]}}],"collection":[{"href":"http:\/\/nailsduyen.ch\/naildesign\/index.php?rest_route=\/wp\/v2\/pages"}],"about":[{"href":"http:\/\/nailsduyen.ch\/naildesign\/index.php?rest_route=\/wp\/v2\/types\/page"}],"author":[{"embeddable":true,"href":"http:\/\/nailsduyen.ch\/naildesign\/index.php?rest_route=\/wp\/v2\/users\/2"}],"replies":[{"embeddable":true,"href":"http:\/\/nailsduyen.ch\/naildesign\/index.php?rest_route=%2Fwp%2Fv2%2Fcomments&post=6"}],"version-history":[{"count":68,"href":"http:\/\/nailsduyen.ch\/naildesign\/index.php?rest_route=\/wp\/v2\/pages\/6\/revisions"}],"predecessor-version":[{"id":996,"href":"http:\/\/nailsduyen.ch\/naildesign\/index.php?rest_route=\/wp\/v2\/pages\/6\/revisions\/996"}],"wp:attachment":[{"href":"http:\/\/nailsduyen.ch\/naildesign\/index.php?rest_route=%2Fwp%2Fv2%2Fmedia&parent=6"}],"curies":[{"name":"wp","href":"https:\/\/api.w.org\/{rel}","templated":true}]}}